{"id":48,"date":"2020-10-07T10:37:34","date_gmt":"2020-10-07T10:37:34","guid":{"rendered":"http:\/\/esenciasnaturales.es\/?page_id=48"},"modified":"2022-02-27T17:28:41","modified_gmt":"2022-02-27T17:28:41","slug":"viveros-plantas-aromaticas","status":"publish","type":"page","link":"https:\/\/esenciasnaturales.es\/?page_id=48","title":{"rendered":"Viveros de plantas arom\u00e1ticas"},"content":{"rendered":"\n<p><\/p>\n\n\n\n<figure class=\"wp-block-gallery alignfull columns-2 is-cropped wp-block-gallery-2 is-layout-flex wp-block-gallery-is-layout-flex\"><ul class=\"blocks-gallery-grid\"><li class=\"blocks-gallery-item\"><figure><img loading=\"lazy\" decoding=\"async\" width=\"732\" height=\"549\" src=\"https:\/\/esenciasnaturales.es\/wp-content\/uploads\/2020\/11\/frasco3.jpg\" alt=\"\" data-id=\"275\" data-full-url=\"https:\/\/esenciasnaturales.es\/wp-content\/uploads\/2020\/11\/frasco3.jpg\" data-link=\"https:\/\/esenciasnaturales.es\/?attachment_id=275\" class=\"wp-image-275\" srcset=\"https:\/\/esenciasnaturales.es\/wp-content\/uploads\/2020\/11\/frasco3.jpg 732w, https:\/\/esenciasnaturales.es\/wp-content\/uploads\/2020\/11\/frasco3-300x225.jpg 300w, https:\/\/esenciasnaturales.es\/wp-content\/uploads\/2020\/11\/frasco3-80x60.jpg 80w\" sizes=\"auto, (max-width: 732px) 100vw, 732px\" \/><\/figure><\/li><li class=\"blocks-gallery-item\"><figure><img loading=\"lazy\" decoding=\"async\" width=\"1024\" height=\"683\" src=\"https:\/\/esenciasnaturales.es\/wp-content\/uploads\/2020\/10\/VIVERO-2-1024x683.jpg\" alt=\"\" data-id=\"27\" data-full-url=\"https:\/\/esenciasnaturales.es\/wp-content\/uploads\/2020\/10\/VIVERO-2-scaled.jpg\" data-link=\"https:\/\/esenciasnaturales.es\/?attachment_id=27\" class=\"wp-image-27\" srcset=\"https:\/\/esenciasnaturales.es\/wp-content\/uploads\/2020\/10\/VIVERO-2-1024x683.jpg 1024w, https:\/\/esenciasnaturales.es\/wp-content\/uploads\/2020\/10\/VIVERO-2-300x200.jpg 300w, https:\/\/esenciasnaturales.es\/wp-content\/uploads\/2020\/10\/VIVERO-2-768x512.jpg 768w, https:\/\/esenciasnaturales.es\/wp-content\/uploads\/2020\/10\/VIVERO-2-1536x1024.jpg 1536w, https:\/\/esenciasnaturales.es\/wp-content\/uploads\/2020\/10\/VIVERO-2-2048x1365.jpg 2048w, https:\/\/esenciasnaturales.es\/wp-content\/uploads\/2020\/10\/VIVERO-2-272x182.jpg 272w\" sizes=\"auto, (max-width: 1024px) 100vw, 1024px\" \/><figcaption class=\"blocks-gallery-item__caption\">Vivero de lavandin<\/figcaption><\/figure><\/li><\/ul><\/figure>\n\n\n\n<h2 class=\"has-text-align-center wp-block-heading\">L\u00cdNEA VIVEROS DE PLANTAS AROM\u00c1TICAS<\/h2>\n\n\n\n<div class=\"wp-block-media-text alignwide has-media-on-the-right is-stacked-on-mobile\" style=\"grid-template-columns:auto 34%\"><figure class=\"wp-block-media-text__media\"><img loading=\"lazy\" decoding=\"async\" width=\"833\" height=\"625\" src=\"https:\/\/esenciasnaturales.es\/wp-content\/uploads\/2020\/11\/vivero3.jpg\" alt=\"\" class=\"wp-image-248 size-full\" srcset=\"https:\/\/esenciasnaturales.es\/wp-content\/uploads\/2020\/11\/vivero3.jpg 833w, https:\/\/esenciasnaturales.es\/wp-content\/uploads\/2020\/11\/vivero3-300x225.jpg 300w, https:\/\/esenciasnaturales.es\/wp-content\/uploads\/2020\/11\/vivero3-768x576.jpg 768w, https:\/\/esenciasnaturales.es\/wp-content\/uploads\/2020\/11\/vivero3-80x60.jpg 80w\" sizes=\"auto, (max-width: 833px) 100vw, 833px\" \/><\/figure><div class=\"wp-block-media-text__content\">\n<p class=\"has-text-align-center\">Especializados en las siguientes plantas:<\/p>\n\n\n\n<ul class=\"wp-block-list\"><li>LAVAND\u00cdN GROSSO (<em>Lavandula hybrida<\/em> variedad grosso)<\/li><li>LAVAND\u00cdN SUPER (<em>Lavandula hybrida<\/em> variedad super)<\/li><li>ESPLIEGO (<em>Lavandula latifolia<\/em>)<\/li><li>LAVANDA MAILLETTE (<em>Lavandula angustifolia<\/em>)<\/li><\/ul>\n<\/div><\/div>\n\n\n\n<p class=\"has-text-align-center\">Si desea otras plantas arom\u00e1ticas y medicinales, estamos abiertos a escuchar la demanda del cliente.<\/p>\n\n\n\n<p>Os dejamos una peque\u00f1a presentaci\u00f3n que hicimos para unas jornadas t\u00e9cnicas sobre viveros en Osuna, Sevilla:<\/p>\n\n\n\n<p class=\"has-text-align-center\"><a data-type=\"URL\" data-id=\"www.anipam.es\/downloads\/79\/produccion-viveristamiguel-angel-alarcon.pdf\" href=\"http:\/\/www.anipam.es\/downloads\/79\/produccion-viveristamiguel-angel-alarcon.pdf\">www.anipam.es\/downloads\/79\/produccion-viveristamiguel-angel-alarcon.<\/a><a data-type=\"URL\" data-id=\"www.anipam.es\/downloads\/79\/produccion-viveristamiguel-angel-alarcon.pdf\" rel=\"noreferrer noopener\" href=\"http:\/\/www.anipam.es\/downloads\/79\/produccion-viveristamiguel-angel-alarcon.pdf\" target=\"_blank\">pdf<\/a><\/p>\n\n\n\n<h2 class=\"has-text-align-center wp-block-heading\">NURSERY LINE OF AROMATIC PLANTS<\/h2>\n\n\n\n<div class=\"wp-block-media-text alignwide is-stacked-on-mobile\" style=\"grid-template-columns:36% auto\"><figure class=\"wp-block-media-text__media\"><img loading=\"lazy\" decoding=\"async\" width=\"757\" height=\"568\" src=\"https:\/\/esenciasnaturales.es\/wp-content\/uploads\/2020\/11\/vivero4.jpg\" alt=\"\" class=\"wp-image-253 size-full\" srcset=\"https:\/\/esenciasnaturales.es\/wp-content\/uploads\/2020\/11\/vivero4.jpg 757w, https:\/\/esenciasnaturales.es\/wp-content\/uploads\/2020\/11\/vivero4-300x225.jpg 300w, https:\/\/esenciasnaturales.es\/wp-content\/uploads\/2020\/11\/vivero4-80x60.jpg 80w\" sizes=\"auto, (max-width: 757px) 100vw, 757px\" \/><\/figure><div class=\"wp-block-media-text__content\">\n<p class=\"has-text-align-center\">Specialized in the following plants:<\/p>\n\n\n\n<ul class=\"wp-block-list\"><li> LAVANDIN GROSSO (Lavandula hybrida variety grosso)<\/li><li> LAVANDIN SUPER (Lavandula hybrida variety super)<\/li><li> SPIKE LAVENDER (Lavandula latifolia)<\/li><li> LAVENDER MAILLETTE (Lavandula angustifolia)<\/li><\/ul>\n<\/div><\/div>\n\n\n\n<p><br><br>If you desire other aromatic and medicinal plants, we are open to accommodating customer requests where possible.<\/p>\n\n\n\n<h2 class=\"has-text-align-center wp-block-heading\">LIGNE DE P\u00c9PINI\u00c8RE DE PLANTES AROMATIQUES<\/h2>\n\n\n\n<div class=\"wp-block-media-text alignwide has-media-on-the-right is-stacked-on-mobile\" style=\"grid-template-columns:auto 33%\"><figure class=\"wp-block-media-text__media\"><img loading=\"lazy\" decoding=\"async\" width=\"681\" height=\"511\" src=\"https:\/\/esenciasnaturales.es\/wp-content\/uploads\/2020\/11\/IMG-20201021-WA0027.jpg\" alt=\"\" class=\"wp-image-209 size-full\" srcset=\"https:\/\/esenciasnaturales.es\/wp-content\/uploads\/2020\/11\/IMG-20201021-WA0027.jpg 681w, https:\/\/esenciasnaturales.es\/wp-content\/uploads\/2020\/11\/IMG-20201021-WA0027-300x225.jpg 300w, https:\/\/esenciasnaturales.es\/wp-content\/uploads\/2020\/11\/IMG-20201021-WA0027-80x60.jpg 80w\" sizes=\"auto, (max-width: 681px) 100vw, 681px\" \/><\/figure><div class=\"wp-block-media-text__content\">\n<p class=\"has-text-align-center\">Sp\u00e9cialis\u00e9 dans les cultures suivantes:<\/p>\n\n\n\n<ul class=\"wp-block-list\"><li> LAVANDIN GROSSO (Lavandula hybrida vari\u00e9t\u00e9 grosso)<\/li><li> LAVANDIN SUPER (vari\u00e9t\u00e9 Super Lavandula hybrida)<\/li><li> LAVANDE ASPIC (Lavandula latifolia)<\/li><li> LAVANDE MAILLETTE (Lavandula angustifolia)<\/li><\/ul>\n<\/div><\/div>\n\n\n\n<p class=\"has-text-align-center\"><br><br><\/p>\n\n\n\n<p class=\"has-text-align-center\">Si vous souhaitez d&#8217;autres plantes aromatiques et m\u00e9dicinales, n&#8217;h\u00e9sitez pas \u00e0 nous contacter.<\/p>\n\n\n\n<h2 class=\"has-text-align-center wp-block-heading\"><br><\/h2>\n","protected":false},"excerpt":{"rendered":"<p>L\u00cdNEA VIVEROS DE PLANTAS AROM\u00c1TICAS Especializados en las siguientes plantas: LAVAND\u00cdN GROSSO (Lavandula hybrida variedad grosso) LAVAND\u00cdN SUPER (Lavandula hybrida variedad super) ESPLIEGO (Lavandula latifolia) LAVANDA MAILLETTE (Lavandula angustifolia) Si desea otras plantas arom\u00e1ticas y medicinales, estamos abiertos a escuchar la demanda del cliente. Os dejamos una peque\u00f1a presentaci\u00f3n que hicimos para unas jornadas t\u00e9cnicas [&hellip;]<\/p>\n","protected":false},"author":1,"featured_media":0,"parent":0,"menu_order":0,"comment_status":"closed","ping_status":"closed","template":"","meta":{"material-hide-sections":[],"footnotes":""},"class_list":["post-48","page","type-page","status-publish","hentry"],"yoast_head":"<!-- This site is optimized with the Yoast SEO plugin v15.8 - https:\/\/yoast.com\/wordpress\/plugins\/seo\/ -->\n<title>Viveros de plantas arom\u00e1ticas - Alarc\u00f3n: esencias naturales<\/title>\n<meta name=\"robots\" content=\"index, follow, max-snippet:-1, max-image-preview:large, max-video-preview:-1\" \/>\n<link rel=\"canonical\" href=\"https:\/\/esenciasnaturales.es\/?page_id=48\" \/>\n<meta property=\"og:locale\" content=\"es_ES\" \/>\n<meta property=\"og:type\" content=\"article\" \/>\n<meta property=\"og:title\" content=\"Viveros de plantas arom\u00e1ticas - Alarc\u00f3n: esencias naturales\" \/>\n<meta property=\"og:description\" content=\"L\u00cdNEA VIVEROS DE PLANTAS AROM\u00c1TICAS Especializados en las siguientes plantas: LAVAND\u00cdN GROSSO (Lavandula hybrida variedad grosso) LAVAND\u00cdN SUPER (Lavandula hybrida variedad super) ESPLIEGO (Lavandula latifolia) LAVANDA MAILLETTE (Lavandula angustifolia) Si desea otras plantas arom\u00e1ticas y medicinales, estamos abiertos a escuchar la demanda del cliente. Os dejamos una peque\u00f1a presentaci\u00f3n que hicimos para unas jornadas t\u00e9cnicas [&hellip;]\" \/>\n<meta property=\"og:url\" content=\"https:\/\/esenciasnaturales.es\/?page_id=48\" \/>\n<meta property=\"og:site_name\" content=\"Alarc\u00f3n: esencias naturales\" \/>\n<meta property=\"article:publisher\" content=\"https:\/\/www.facebook.com\/Alarc%c3%b3n-Arom%c3%a1ticas-102590561647849\/\" \/>\n<meta property=\"article:modified_time\" content=\"2022-02-27T17:28:41+00:00\" \/>\n<meta property=\"og:image\" content=\"https:\/\/esenciasnaturales.es\/wp-content\/uploads\/2020\/11\/frasco3.jpg\" \/>\n<meta name=\"twitter:card\" content=\"summary_large_image\" \/>\n<meta name=\"twitter:label1\" content=\"Tiempo de lectura\">\n\t<meta name=\"twitter:data1\" content=\"2 minutos\">\n<script type=\"application\/ld+json\" class=\"yoast-schema-graph\">{\"@context\":\"https:\/\/schema.org\",\"@graph\":[{\"@type\":\"Organization\",\"@id\":\"https:\/\/esenciasnaturales.es\/#organization\",\"name\":\"Alarc\\u00f3n: esencias naturales\",\"url\":\"https:\/\/esenciasnaturales.es\/\",\"sameAs\":[\"https:\/\/www.facebook.com\/Alarc\\u00f3n-Arom\\u00e1ticas-102590561647849\/\",\"https:\/\/instagram.com\/alarcon_aromaticasyderivados\"],\"logo\":{\"@type\":\"ImageObject\",\"@id\":\"https:\/\/esenciasnaturales.es\/#logo\",\"inLanguage\":\"es\",\"url\":\"https:\/\/esenciasnaturales.es\/wp-content\/uploads\/2021\/07\/cropped-cropped-cropped-Recurso-3-1.png\",\"width\":586,\"height\":292,\"caption\":\"Alarc\\u00f3n: esencias naturales\"},\"image\":{\"@id\":\"https:\/\/esenciasnaturales.es\/#logo\"}},{\"@type\":\"WebSite\",\"@id\":\"https:\/\/esenciasnaturales.es\/#website\",\"url\":\"https:\/\/esenciasnaturales.es\/\",\"name\":\"Alarc\\u00f3n: esencias naturales\",\"description\":\"Aceites naturales esenciales y puros extra\\u00eddos en Murcia y Granada\",\"publisher\":{\"@id\":\"https:\/\/esenciasnaturales.es\/#organization\"},\"potentialAction\":[{\"@type\":\"SearchAction\",\"target\":\"https:\/\/esenciasnaturales.es\/?s={search_term_string}\",\"query-input\":\"required name=search_term_string\"}],\"inLanguage\":\"es\"},{\"@type\":\"ImageObject\",\"@id\":\"https:\/\/esenciasnaturales.es\/?page_id=48#primaryimage\",\"inLanguage\":\"es\",\"url\":\"https:\/\/esenciasnaturales.es\/wp-content\/uploads\/2020\/11\/frasco3.jpg\",\"width\":732,\"height\":549},{\"@type\":\"WebPage\",\"@id\":\"https:\/\/esenciasnaturales.es\/?page_id=48#webpage\",\"url\":\"https:\/\/esenciasnaturales.es\/?page_id=48\",\"name\":\"Viveros de plantas arom\\u00e1ticas - Alarc\\u00f3n: esencias naturales\",\"isPartOf\":{\"@id\":\"https:\/\/esenciasnaturales.es\/#website\"},\"primaryImageOfPage\":{\"@id\":\"https:\/\/esenciasnaturales.es\/?page_id=48#primaryimage\"},\"datePublished\":\"2020-10-07T10:37:34+00:00\",\"dateModified\":\"2022-02-27T17:28:41+00:00\",\"breadcrumb\":{\"@id\":\"https:\/\/esenciasnaturales.es\/?page_id=48#breadcrumb\"},\"inLanguage\":\"es\",\"potentialAction\":[{\"@type\":\"ReadAction\",\"target\":[\"https:\/\/esenciasnaturales.es\/?page_id=48\"]}]},{\"@type\":\"BreadcrumbList\",\"@id\":\"https:\/\/esenciasnaturales.es\/?page_id=48#breadcrumb\",\"itemListElement\":[{\"@type\":\"ListItem\",\"position\":1,\"item\":{\"@type\":\"WebPage\",\"@id\":\"https:\/\/esenciasnaturales.es\/\",\"url\":\"https:\/\/esenciasnaturales.es\/\",\"name\":\"Portada\"}},{\"@type\":\"ListItem\",\"position\":2,\"item\":{\"@type\":\"WebPage\",\"@id\":\"https:\/\/esenciasnaturales.es\/?page_id=48\",\"url\":\"https:\/\/esenciasnaturales.es\/?page_id=48\",\"name\":\"Viveros de plantas arom\\u00e1ticas\"}}]}]}<\/script>\n<!-- \/ Yoast SEO plugin. -->","_links":{"self":[{"href":"https:\/\/esenciasnaturales.es\/index.php?rest_route=\/wp\/v2\/pages\/48","targetHints":{"allow":["GET"]}}],"collection":[{"href":"https:\/\/esenciasnaturales.es\/index.php?rest_route=\/wp\/v2\/pages"}],"about":[{"href":"https:\/\/esenciasnaturales.es\/index.php?rest_route=\/wp\/v2\/types\/page"}],"author":[{"embeddable":true,"href":"https:\/\/esenciasnaturales.es\/index.php?rest_route=\/wp\/v2\/users\/1"}],"replies":[{"embeddable":true,"href":"https:\/\/esenciasnaturales.es\/index.php?rest_route=%2Fwp%2Fv2%2Fcomments&post=48"}],"version-history":[{"count":24,"href":"https:\/\/esenciasnaturales.es\/index.php?rest_route=\/wp\/v2\/pages\/48\/revisions"}],"predecessor-version":[{"id":757,"href":"https:\/\/esenciasnaturales.es\/index.php?rest_route=\/wp\/v2\/pages\/48\/revisions\/757"}],"wp:attachment":[{"href":"https:\/\/esenciasnaturales.es\/index.php?rest_route=%2Fwp%2Fv2%2Fmedia&parent=48"}],"curies":[{"name":"wp","href":"https:\/\/api.w.org\/{rel}","templated":true}]}}