{"id":70,"date":"2020-10-13T08:26:58","date_gmt":"2020-10-13T08:26:58","guid":{"rendered":"http:\/\/esenciasnaturales.es\/?page_id=70"},"modified":"2021-09-20T21:31:25","modified_gmt":"2021-09-20T21:31:25","slug":"quienes-somos","status":"publish","type":"page","link":"https:\/\/esenciasnaturales.es\/?page_id=70","title":{"rendered":"Qui\u00e9nes somos"},"content":{"rendered":"\n<figure class=\"wp-block-gallery alignfull columns-3 is-cropped wp-block-gallery-2 is-layout-flex wp-block-gallery-is-layout-flex\"><ul class=\"blocks-gallery-grid\"><li class=\"blocks-gallery-item\"><figure><img loading=\"lazy\" decoding=\"async\" width=\"681\" height=\"511\" src=\"http:\/\/esenciasnaturales.es\/wp-content\/uploads\/2020\/11\/IMG-20201021-WA0042.jpg\" alt=\"\" data-id=\"220\" data-full-url=\"http:\/\/esenciasnaturales.es\/wp-content\/uploads\/2020\/11\/IMG-20201021-WA0042.jpg\" data-link=\"http:\/\/esenciasnaturales.es\/quienes-somos\/img-20201021-wa0042\" class=\"wp-image-220\" srcset=\"https:\/\/esenciasnaturales.es\/wp-content\/uploads\/2020\/11\/IMG-20201021-WA0042.jpg 681w, https:\/\/esenciasnaturales.es\/wp-content\/uploads\/2020\/11\/IMG-20201021-WA0042-300x225.jpg 300w, https:\/\/esenciasnaturales.es\/wp-content\/uploads\/2020\/11\/IMG-20201021-WA0042-80x60.jpg 80w\" sizes=\"auto, (max-width: 681px) 100vw, 681px\" \/><\/figure><\/li><li class=\"blocks-gallery-item\"><figure><img loading=\"lazy\" decoding=\"async\" width=\"681\" height=\"511\" src=\"http:\/\/esenciasnaturales.es\/wp-content\/uploads\/2020\/11\/IMG-20201021-WA0034.jpg\" alt=\"\" data-id=\"213\" data-full-url=\"http:\/\/esenciasnaturales.es\/wp-content\/uploads\/2020\/11\/IMG-20201021-WA0034.jpg\" data-link=\"http:\/\/esenciasnaturales.es\/quienes-somos\/img-20201021-wa0034\" class=\"wp-image-213\" srcset=\"https:\/\/esenciasnaturales.es\/wp-content\/uploads\/2020\/11\/IMG-20201021-WA0034.jpg 681w, https:\/\/esenciasnaturales.es\/wp-content\/uploads\/2020\/11\/IMG-20201021-WA0034-300x225.jpg 300w, https:\/\/esenciasnaturales.es\/wp-content\/uploads\/2020\/11\/IMG-20201021-WA0034-80x60.jpg 80w\" sizes=\"auto, (max-width: 681px) 100vw, 681px\" \/><\/figure><\/li><li class=\"blocks-gallery-item\"><figure><img loading=\"lazy\" decoding=\"async\" width=\"681\" height=\"511\" src=\"http:\/\/esenciasnaturales.es\/wp-content\/uploads\/2020\/11\/IMG-20201021-WA0043.jpg\" alt=\"\" data-id=\"221\" data-full-url=\"http:\/\/esenciasnaturales.es\/wp-content\/uploads\/2020\/11\/IMG-20201021-WA0043.jpg\" data-link=\"http:\/\/esenciasnaturales.es\/quienes-somos\/img-20201021-wa0043\" class=\"wp-image-221\" srcset=\"https:\/\/esenciasnaturales.es\/wp-content\/uploads\/2020\/11\/IMG-20201021-WA0043.jpg 681w, https:\/\/esenciasnaturales.es\/wp-content\/uploads\/2020\/11\/IMG-20201021-WA0043-300x225.jpg 300w, https:\/\/esenciasnaturales.es\/wp-content\/uploads\/2020\/11\/IMG-20201021-WA0043-80x60.jpg 80w\" sizes=\"auto, (max-width: 681px) 100vw, 681px\" \/><\/figure><\/li><\/ul><figcaption class=\"blocks-gallery-caption\"><em>Nuestros lugares de trabajo<\/em><\/figcaption><\/figure>\n\n\n\n<h2 class=\"has-text-align-center has-text-color wp-block-heading\" style=\"color:#58498d;font-size:50px\">Qui\u00e9nes somos<\/h2>\n\n\n\n<p>Alarc\u00f3n Arom\u00e1ticas y Derivados, S. Coop., es una empresa familiar con m\u00e1s de 20 a\u00f1os de experiencia en el cultivo de plantas arom\u00e1ticas. Durante este tiempo, hemos errado y aprendido a tratar estas plantas con mucho respeto para obtener su m\u00e1s preciado tesoro: los aceites esenciales. Y seguimos aprendiendo en este, incre\u00edble y apasionante, mundo de las plantas arom\u00e1ticas y medicinales (PAM). Adem\u00e1s de producir estos aceites esenciales, somos respetuosos con el medioambiente, intentando trabajar con un m\u00ednimo impacto negativo medioambiental.<\/p>\n\n\n\n<p class=\"has-text-align-center\">Lo que producimos es fruto de nuestro trabajo a pie de campo a tiempo completo. Desde hace 2 d\u00e9cadas, apostamos por quedarnos en estas tierras, impregnados por la valoraci\u00f3n que damos a este entorno monta\u00f1oso y \u00e1rido. <\/p>\n\n\n\n<div class=\"wp-block-media-text alignwide is-stacked-on-mobile\" style=\"grid-template-columns:40% auto\"><figure class=\"wp-block-media-text__media\"><img loading=\"lazy\" decoding=\"async\" width=\"1024\" height=\"768\" src=\"http:\/\/esenciasnaturales.es\/wp-content\/uploads\/2020\/10\/LAVANDA-2-1024x768.jpg\" alt=\"\" class=\"wp-image-15 size-full\" srcset=\"https:\/\/esenciasnaturales.es\/wp-content\/uploads\/2020\/10\/LAVANDA-2-1024x768.jpg 1024w, https:\/\/esenciasnaturales.es\/wp-content\/uploads\/2020\/10\/LAVANDA-2-300x225.jpg 300w, https:\/\/esenciasnaturales.es\/wp-content\/uploads\/2020\/10\/LAVANDA-2-768x576.jpg 768w, https:\/\/esenciasnaturales.es\/wp-content\/uploads\/2020\/10\/LAVANDA-2-1536x1152.jpg 1536w, https:\/\/esenciasnaturales.es\/wp-content\/uploads\/2020\/10\/LAVANDA-2.jpg 1600w\" sizes=\"auto, (max-width: 1024px) 100vw, 1024px\" \/><\/figure><div class=\"wp-block-media-text__content\">\n<p>Nuestros entornos naturales de trabajo son variados (&#8220;oficinas al aire libre&#8221;, si nos permiten) y se ubican en el Sureste de Espa\u00f1a, en la Comarca del Noroeste de la Regi\u00f3n de Murcia y zonas aleda\u00f1as de Granada (Andaluc\u00eda).<\/p>\n\n\n\n<p>Obtenemos aceites esenciales naturales y puros procedentes de cultivos de plantas arom\u00e1ticas tratadas de modo racional en terrenos de secano (cultivo extensivo).<\/p>\n\n\n\n<p><\/p>\n\n\n\n<p><\/p>\n<\/div><\/div>\n\n\n\n<p class=\"has-text-align-center\">Una peque\u00f1a contribuci\u00f3n que hacemos con nuestra labor en el medioambiente es el aumento y mejora de las comunidades biol\u00f3gicas y las cadenas tr\u00f3ficas que establecen equilibrios ecol\u00f3gicos muy importantes (aumento de la entomofauna y la avifauna) y como resultado la mejora de la diversidad biol\u00f3gica local. Al igual, que se bajan las tasas de erosi\u00f3n ed\u00e1fica y se mejoran los suelos (mayor retenci\u00f3n de agua y absorci\u00f3n de CO<sub>2<\/sub>) en estas zonas monta\u00f1osas del Sureste espa\u00f1ol, de clima continental y castigadas por las sequ\u00edas y con alta sensibilidad al cambio clim\u00e1tico.<\/p>\n\n\n\n<p><\/p>\n\n\n\n<figure class=\"wp-block-gallery columns-3 is-cropped wp-block-gallery-3 is-layout-flex wp-block-gallery-is-layout-flex\"><ul class=\"blocks-gallery-grid\"><li class=\"blocks-gallery-item\"><figure><img loading=\"lazy\" decoding=\"async\" width=\"681\" height=\"511\" src=\"http:\/\/esenciasnaturales.es\/wp-content\/uploads\/2020\/11\/IMG-20201021-WA0031.jpg\" alt=\"\" data-id=\"212\" data-full-url=\"http:\/\/esenciasnaturales.es\/wp-content\/uploads\/2020\/11\/IMG-20201021-WA0031.jpg\" data-link=\"http:\/\/esenciasnaturales.es\/quienes-somos\/img-20201021-wa0031\" class=\"wp-image-212\" srcset=\"https:\/\/esenciasnaturales.es\/wp-content\/uploads\/2020\/11\/IMG-20201021-WA0031.jpg 681w, https:\/\/esenciasnaturales.es\/wp-content\/uploads\/2020\/11\/IMG-20201021-WA0031-300x225.jpg 300w, https:\/\/esenciasnaturales.es\/wp-content\/uploads\/2020\/11\/IMG-20201021-WA0031-80x60.jpg 80w\" sizes=\"auto, (max-width: 681px) 100vw, 681px\" \/><\/figure><\/li><li class=\"blocks-gallery-item\"><figure><img loading=\"lazy\" decoding=\"async\" width=\"1024\" height=\"614\" src=\"http:\/\/esenciasnaturales.es\/wp-content\/uploads\/2020\/10\/LAVANDIN-1024x614.jpg\" alt=\"\" data-id=\"36\" data-full-url=\"http:\/\/esenciasnaturales.es\/wp-content\/uploads\/2020\/10\/LAVANDIN.jpg\" data-link=\"http:\/\/esenciasnaturales.es\/lavandin\" class=\"wp-image-36\" srcset=\"https:\/\/esenciasnaturales.es\/wp-content\/uploads\/2020\/10\/LAVANDIN-1024x614.jpg 1024w, https:\/\/esenciasnaturales.es\/wp-content\/uploads\/2020\/10\/LAVANDIN-300x180.jpg 300w, https:\/\/esenciasnaturales.es\/wp-content\/uploads\/2020\/10\/LAVANDIN-768x461.jpg 768w, https:\/\/esenciasnaturales.es\/wp-content\/uploads\/2020\/10\/LAVANDIN-1536x922.jpg 1536w, https:\/\/esenciasnaturales.es\/wp-content\/uploads\/2020\/10\/LAVANDIN-2048x1229.jpg 2048w\" sizes=\"auto, (max-width: 1024px) 100vw, 1024px\" \/><\/figure><\/li><li class=\"blocks-gallery-item\"><figure><img loading=\"lazy\" decoding=\"async\" width=\"681\" height=\"511\" src=\"http:\/\/esenciasnaturales.es\/wp-content\/uploads\/2020\/11\/IMG-20201021-WA0036.jpg\" alt=\"\" data-id=\"215\" data-full-url=\"http:\/\/esenciasnaturales.es\/wp-content\/uploads\/2020\/11\/IMG-20201021-WA0036.jpg\" data-link=\"http:\/\/esenciasnaturales.es\/quienes-somos\/img-20201021-wa0036\" class=\"wp-image-215\" srcset=\"https:\/\/esenciasnaturales.es\/wp-content\/uploads\/2020\/11\/IMG-20201021-WA0036.jpg 681w, https:\/\/esenciasnaturales.es\/wp-content\/uploads\/2020\/11\/IMG-20201021-WA0036-300x225.jpg 300w, https:\/\/esenciasnaturales.es\/wp-content\/uploads\/2020\/11\/IMG-20201021-WA0036-80x60.jpg 80w\" sizes=\"auto, (max-width: 681px) 100vw, 681px\" \/><\/figure><\/li><\/ul><\/figure>\n\n\n\n<p><\/p>\n\n\n\n<h2 class=\"has-text-align-center has-huge-font-size wp-block-heading\">WHO WE ARE?<\/h2>\n\n\n\n<p class=\"has-text-align-center\">Alarc\u00f3n Arom\u00e1ticas y Derivados, S. Coop., is a family business with more than 20 years\u2019 experience in the cultivation of aromatic plants. &nbsp;During this time, we have learnt to treat these plants with great respect to obtain their most precious treasure: essential oil. &nbsp;We have tried and tested and we will continue to learn in this incredible and exciting world of aromatic and medicinal plants (PAM). In addition to producing these essential oils, we are respectful of the environment, trying to work with minimum negative environmental impact.<\/p>\n\n\n\n<div class=\"wp-block-media-text alignwide has-media-on-the-right is-stacked-on-mobile\"><figure class=\"wp-block-media-text__media\"><img loading=\"lazy\" decoding=\"async\" width=\"681\" height=\"382\" src=\"http:\/\/esenciasnaturales.es\/wp-content\/uploads\/2020\/11\/IMG-20201021-WA0040.jpg\" alt=\"\" class=\"wp-image-218 size-full\" srcset=\"https:\/\/esenciasnaturales.es\/wp-content\/uploads\/2020\/11\/IMG-20201021-WA0040.jpg 681w, https:\/\/esenciasnaturales.es\/wp-content\/uploads\/2020\/11\/IMG-20201021-WA0040-300x168.jpg 300w, https:\/\/esenciasnaturales.es\/wp-content\/uploads\/2020\/11\/IMG-20201021-WA0040-107x60.jpg 107w\" sizes=\"auto, (max-width: 681px) 100vw, 681px\" \/><\/figure><div class=\"wp-block-media-text__content\">\n<p>What we produce is the result of our full-time field work. &nbsp;For 2 decades, we have been committed to persevering in these lands, impregnated by the value we give to this privileged mountainous and arid environment.<\/p>\n\n\n\n<p>Our natural work environments are varied (&#8220;open-air offices&#8221;, if you will) and are located in the Southeast of Spain, in the Northwest of the Murcia region and surrounding areas of Granada (Andalusia).<\/p>\n\n\n\n<p><\/p>\n<\/div><\/div>\n\n\n\n<p class=\"has-text-align-center\">We obtain natural and pure essential oils from crops of aromatic plants treated in a rational way in dry land (extensive cultivation).<br>A small contribution that we make with our work on the environment is the increase and improvement of biological communities and trophic chains that establish very important ecological balances (increase of entomofauna and avifauna) and as a result, the local biological diversity is improved.&nbsp; Likewise, edaphic erosion rates are lowered and soils are improved (greater water retention and CO<sub>2<\/sub> absorption) in these mountainous areas of southeastern Spain, with a continental climate affected by droughts and with high sensitivity to climate change.<\/p>\n\n\n\n<h2 class=\"has-text-align-center has-huge-font-size wp-block-heading\">QUI SOMMES-NOUS?<\/h2>\n\n\n\n<p class=\"has-text-align-center\">Alarc\u00f3n Arom\u00e1ticas y Derivados, S. Coop., est une entreprise familiale avec plus de 20 ans d&#8217;exp\u00e9rience dans la culture de plantes aromatiques. Pendant ce temps, nous avons utilis\u00e9 la m\u00e9thode essai-erreur, et nous avons appris \u00e0 traiter ces plantes avec beaucoup de respect pour obtenir leur tr\u00e9sor le plus pr\u00e9cieux: les huiles essentielles. Et nous continuons \u00e0 apprendre dans ce monde incroyable et passionnant de plantes aromatiques et m\u00e9dicinales (PAM). En plus de produire ces huiles essentielles, nous sommes respectueux de l&#8217;environnement, en essayant de travailler avec un impact environnemental n\u00e9gatif minimum.<\/p>\n\n\n\n<p class=\"has-text-align-center\">Ce que nous produisons est le r\u00e9sultat de notre travail sur le terrain \u00e0 plein temps. Depuis 2 d\u00e9cennies, nous nous engageons \u00e0 rester sur ces terres, impr\u00e9gn\u00e9s par l&#8217;appr\u00e9ciation que nous accordons \u00e0 cet environnement montagneux et aride privil\u00e9gi\u00e9.<\/p>\n\n\n\n<p class=\"has-text-align-center\">Nos environnements de travail naturels sont vari\u00e9s (&#8220;bureaux en plein air&#8221;, si vous nous le permettez) et sont situ\u00e9s dans le sud-est de l&#8217;Espagne, dans la r\u00e9gion nord-ouest de la r\u00e9gion de Murcie et dans les environs de Grenade (Andalousie).<\/p>\n\n\n\n<p class=\"has-text-align-center\">Nous obtenons des huiles essentielles naturelles et pures \u00e0 partir de cultures de plantes aromatiques trait\u00e9es de mani\u00e8re rationnelle en terre s\u00e8che (culture extensive).<\/p>\n\n\n\n<div class=\"wp-block-group alignwide\"><div class=\"wp-block-group__inner-container is-layout-flow wp-block-group-is-layout-flow\">\n<div class=\"wp-block-group alignwide\"><div class=\"wp-block-group__inner-container is-layout-flow wp-block-group-is-layout-flow\">\n<div class=\"wp-block-group alignwide\"><div class=\"wp-block-group__inner-container is-layout-flow wp-block-group-is-layout-flow\">\n<figure class=\"wp-block-gallery columns-3 is-cropped wp-block-gallery-4 is-layout-flex wp-block-gallery-is-layout-flex\"><ul class=\"blocks-gallery-grid\"><li class=\"blocks-gallery-item\"><figure><img loading=\"lazy\" decoding=\"async\" width=\"681\" height=\"511\" src=\"http:\/\/esenciasnaturales.es\/wp-content\/uploads\/2020\/11\/IMG-20201021-WA0025.jpg\" alt=\"\" data-id=\"207\" data-full-url=\"http:\/\/esenciasnaturales.es\/wp-content\/uploads\/2020\/11\/IMG-20201021-WA0025.jpg\" data-link=\"http:\/\/esenciasnaturales.es\/quienes-somos\/img-20201021-wa0025\" class=\"wp-image-207\" srcset=\"https:\/\/esenciasnaturales.es\/wp-content\/uploads\/2020\/11\/IMG-20201021-WA0025.jpg 681w, https:\/\/esenciasnaturales.es\/wp-content\/uploads\/2020\/11\/IMG-20201021-WA0025-300x225.jpg 300w, https:\/\/esenciasnaturales.es\/wp-content\/uploads\/2020\/11\/IMG-20201021-WA0025-80x60.jpg 80w\" sizes=\"auto, (max-width: 681px) 100vw, 681px\" \/><\/figure><\/li><li class=\"blocks-gallery-item\"><figure><img loading=\"lazy\" decoding=\"async\" width=\"1024\" height=\"768\" src=\"http:\/\/esenciasnaturales.es\/wp-content\/uploads\/2020\/10\/MEJORANA-1024x768.jpg\" alt=\"\" data-id=\"37\" data-full-url=\"http:\/\/esenciasnaturales.es\/wp-content\/uploads\/2020\/10\/MEJORANA.jpg\" data-link=\"http:\/\/esenciasnaturales.es\/mejorana\" class=\"wp-image-37\" srcset=\"https:\/\/esenciasnaturales.es\/wp-content\/uploads\/2020\/10\/MEJORANA-1024x768.jpg 1024w, https:\/\/esenciasnaturales.es\/wp-content\/uploads\/2020\/10\/MEJORANA-300x225.jpg 300w, https:\/\/esenciasnaturales.es\/wp-content\/uploads\/2020\/10\/MEJORANA-768x576.jpg 768w, https:\/\/esenciasnaturales.es\/wp-content\/uploads\/2020\/10\/MEJORANA-1536x1152.jpg 1536w, https:\/\/esenciasnaturales.es\/wp-content\/uploads\/2020\/10\/MEJORANA.jpg 1600w\" sizes=\"auto, (max-width: 1024px) 100vw, 1024px\" \/><\/figure><\/li><li class=\"blocks-gallery-item\"><figure><img loading=\"lazy\" decoding=\"async\" width=\"681\" height=\"511\" src=\"http:\/\/esenciasnaturales.es\/wp-content\/uploads\/2020\/11\/IMG-20201021-WA0029.jpg\" alt=\"\" data-id=\"211\" data-full-url=\"http:\/\/esenciasnaturales.es\/wp-content\/uploads\/2020\/11\/IMG-20201021-WA0029.jpg\" data-link=\"http:\/\/esenciasnaturales.es\/quienes-somos\/img-20201021-wa0029\" class=\"wp-image-211\" srcset=\"https:\/\/esenciasnaturales.es\/wp-content\/uploads\/2020\/11\/IMG-20201021-WA0029.jpg 681w, https:\/\/esenciasnaturales.es\/wp-content\/uploads\/2020\/11\/IMG-20201021-WA0029-300x225.jpg 300w, https:\/\/esenciasnaturales.es\/wp-content\/uploads\/2020\/11\/IMG-20201021-WA0029-80x60.jpg 80w\" sizes=\"auto, (max-width: 681px) 100vw, 681px\" \/><\/figure><\/li><\/ul><\/figure>\n<\/div><\/div>\n<\/div><\/div>\n<\/div><\/div>\n\n\n\n<p class=\"has-text-align-center\">Une petite contribution que nous apportons avec notre travail sur l&#8217;environnement est l&#8217;augmentation et l&#8217;am\u00e9lioration des communaut\u00e9s biologiques et des cha\u00eenes trophiques qui \u00e9tablissent des \u00e9quilibres \u00e9cologiques tr\u00e8s importants (augmentation de l&#8217;entomofaune et de l&#8217;avifaune) et par cons\u00e9quent l&#8217;am\u00e9lioration de la diversit\u00e9 biologique locale. De m\u00eame, les taux d&#8217;\u00e9rosion \u00e9daphique sont abaiss\u00e9s et les sols sont am\u00e9lior\u00e9s (plus grande r\u00e9tention d&#8217;eau et absorption de CO<sub>2<\/sub>) dans ces zones montagneuses du sud-est de l&#8217;Espagne, au climat continental et affect\u00e9es par les s\u00e9cheresses et avec une forte sensibilit\u00e9 au changement climatique.<\/p>\n","protected":false},"excerpt":{"rendered":"<p>Qui\u00e9nes somos Alarc\u00f3n Arom\u00e1ticas y Derivados, S. Coop., es una empresa familiar con m\u00e1s de 20 a\u00f1os de experiencia en el cultivo de plantas arom\u00e1ticas. Durante este tiempo, hemos errado y aprendido a tratar estas plantas con mucho respeto para obtener su m\u00e1s preciado tesoro: los aceites esenciales. Y seguimos aprendiendo en este, incre\u00edble y [&hellip;]<\/p>\n","protected":false},"author":1,"featured_media":0,"parent":0,"menu_order":0,"comment_status":"closed","ping_status":"closed","template":"","meta":{"material-hide-sections":{"title":true},"footnotes":""},"class_list":["post-70","page","type-page","status-publish","hentry"],"yoast_head":"<!-- This site is optimized with the Yoast SEO plugin v15.8 - https:\/\/yoast.com\/wordpress\/plugins\/seo\/ -->\n<title>Qui\u00e9nes somos - Alarc\u00f3n: esencias naturales<\/title>\n<meta name=\"robots\" content=\"index, follow, max-snippet:-1, max-image-preview:large, max-video-preview:-1\" \/>\n<link rel=\"canonical\" href=\"https:\/\/esenciasnaturales.es\/?page_id=70\" \/>\n<meta property=\"og:locale\" content=\"es_ES\" \/>\n<meta property=\"og:type\" content=\"article\" \/>\n<meta property=\"og:title\" content=\"Qui\u00e9nes somos - Alarc\u00f3n: esencias naturales\" \/>\n<meta property=\"og:description\" content=\"Qui\u00e9nes somos Alarc\u00f3n Arom\u00e1ticas y Derivados, S. Coop., es una empresa familiar con m\u00e1s de 20 a\u00f1os de experiencia en el cultivo de plantas arom\u00e1ticas. Durante este tiempo, hemos errado y aprendido a tratar estas plantas con mucho respeto para obtener su m\u00e1s preciado tesoro: los aceites esenciales. Y seguimos aprendiendo en este, incre\u00edble y [&hellip;]\" \/>\n<meta property=\"og:url\" content=\"https:\/\/esenciasnaturales.es\/?page_id=70\" \/>\n<meta property=\"og:site_name\" content=\"Alarc\u00f3n: esencias naturales\" \/>\n<meta property=\"article:publisher\" content=\"https:\/\/www.facebook.com\/Alarc%c3%b3n-Arom%c3%a1ticas-102590561647849\/\" \/>\n<meta property=\"article:modified_time\" content=\"2021-09-20T21:31:25+00:00\" \/>\n<meta property=\"og:image\" content=\"http:\/\/esenciasnaturales.es\/wp-content\/uploads\/2020\/11\/IMG-20201021-WA0042.jpg\" \/>\n<meta name=\"twitter:card\" content=\"summary_large_image\" \/>\n<meta name=\"twitter:label1\" content=\"Tiempo de lectura\">\n\t<meta name=\"twitter:data1\" content=\"6 minutos\">\n<script type=\"application\/ld+json\" class=\"yoast-schema-graph\">{\"@context\":\"https:\/\/schema.org\",\"@graph\":[{\"@type\":\"Organization\",\"@id\":\"https:\/\/esenciasnaturales.es\/#organization\",\"name\":\"Alarc\\u00f3n: esencias naturales\",\"url\":\"https:\/\/esenciasnaturales.es\/\",\"sameAs\":[\"https:\/\/www.facebook.com\/Alarc\\u00f3n-Arom\\u00e1ticas-102590561647849\/\",\"https:\/\/instagram.com\/alarcon_aromaticasyderivados\"],\"logo\":{\"@type\":\"ImageObject\",\"@id\":\"https:\/\/esenciasnaturales.es\/#logo\",\"inLanguage\":\"es\",\"url\":\"https:\/\/esenciasnaturales.es\/wp-content\/uploads\/2021\/07\/cropped-cropped-cropped-Recurso-3-1.png\",\"width\":586,\"height\":292,\"caption\":\"Alarc\\u00f3n: esencias naturales\"},\"image\":{\"@id\":\"https:\/\/esenciasnaturales.es\/#logo\"}},{\"@type\":\"WebSite\",\"@id\":\"https:\/\/esenciasnaturales.es\/#website\",\"url\":\"https:\/\/esenciasnaturales.es\/\",\"name\":\"Alarc\\u00f3n: esencias naturales\",\"description\":\"Aceites naturales esenciales y puros extra\\u00eddos en Murcia y Granada\",\"publisher\":{\"@id\":\"https:\/\/esenciasnaturales.es\/#organization\"},\"potentialAction\":[{\"@type\":\"SearchAction\",\"target\":\"https:\/\/esenciasnaturales.es\/?s={search_term_string}\",\"query-input\":\"required name=search_term_string\"}],\"inLanguage\":\"es\"},{\"@type\":\"ImageObject\",\"@id\":\"https:\/\/esenciasnaturales.es\/?page_id=70#primaryimage\",\"inLanguage\":\"es\",\"url\":\"http:\/\/esenciasnaturales.es\/wp-content\/uploads\/2020\/11\/IMG-20201021-WA0042.jpg\"},{\"@type\":\"WebPage\",\"@id\":\"https:\/\/esenciasnaturales.es\/?page_id=70#webpage\",\"url\":\"https:\/\/esenciasnaturales.es\/?page_id=70\",\"name\":\"Qui\\u00e9nes somos - Alarc\\u00f3n: esencias naturales\",\"isPartOf\":{\"@id\":\"https:\/\/esenciasnaturales.es\/#website\"},\"primaryImageOfPage\":{\"@id\":\"https:\/\/esenciasnaturales.es\/?page_id=70#primaryimage\"},\"datePublished\":\"2020-10-13T08:26:58+00:00\",\"dateModified\":\"2021-09-20T21:31:25+00:00\",\"breadcrumb\":{\"@id\":\"https:\/\/esenciasnaturales.es\/?page_id=70#breadcrumb\"},\"inLanguage\":\"es\",\"potentialAction\":[{\"@type\":\"ReadAction\",\"target\":[\"https:\/\/esenciasnaturales.es\/?page_id=70\"]}]},{\"@type\":\"BreadcrumbList\",\"@id\":\"https:\/\/esenciasnaturales.es\/?page_id=70#breadcrumb\",\"itemListElement\":[{\"@type\":\"ListItem\",\"position\":1,\"item\":{\"@type\":\"WebPage\",\"@id\":\"https:\/\/esenciasnaturales.es\/\",\"url\":\"https:\/\/esenciasnaturales.es\/\",\"name\":\"Portada\"}},{\"@type\":\"ListItem\",\"position\":2,\"item\":{\"@type\":\"WebPage\",\"@id\":\"https:\/\/esenciasnaturales.es\/?page_id=70\",\"url\":\"https:\/\/esenciasnaturales.es\/?page_id=70\",\"name\":\"Qui\\u00e9nes somos\"}}]}]}<\/script>\n<!-- \/ Yoast SEO plugin. -->","_links":{"self":[{"href":"https:\/\/esenciasnaturales.es\/index.php?rest_route=\/wp\/v2\/pages\/70","targetHints":{"allow":["GET"]}}],"collection":[{"href":"https:\/\/esenciasnaturales.es\/index.php?rest_route=\/wp\/v2\/pages"}],"about":[{"href":"https:\/\/esenciasnaturales.es\/index.php?rest_route=\/wp\/v2\/types\/page"}],"author":[{"embeddable":true,"href":"https:\/\/esenciasnaturales.es\/index.php?rest_route=\/wp\/v2\/users\/1"}],"replies":[{"embeddable":true,"href":"https:\/\/esenciasnaturales.es\/index.php?rest_route=%2Fwp%2Fv2%2Fcomments&post=70"}],"version-history":[{"count":32,"href":"https:\/\/esenciasnaturales.es\/index.php?rest_route=\/wp\/v2\/pages\/70\/revisions"}],"predecessor-version":[{"id":743,"href":"https:\/\/esenciasnaturales.es\/index.php?rest_route=\/wp\/v2\/pages\/70\/revisions\/743"}],"wp:attachment":[{"href":"https:\/\/esenciasnaturales.es\/index.php?rest_route=%2Fwp%2Fv2%2Fmedia&parent=70"}],"curies":[{"name":"wp","href":"https:\/\/api.w.org\/{rel}","templated":true}]}}